
{"id":1209,"date":"2025-10-15T15:23:32","date_gmt":"2025-10-15T15:23:32","guid":{"rendered":"https:\/\/spanischeranwalt.net\/?page_id=1209"},"modified":"2025-10-15T15:24:53","modified_gmt":"2025-10-15T15:24:53","slug":"aviso-legal","status":"publish","type":"page","link":"https:\/\/spanischeranwalt.net\/index.php\/es\/aviso-legal\/","title":{"rendered":"Aviso Legal"},"content":{"rendered":"\t\t<div data-elementor-type=\"wp-page\" data-elementor-id=\"1209\" class=\"elementor elementor-1209\">\n\t\t\t\t\t\t<section class=\"elementor-section elementor-top-section elementor-element elementor-element-bf30d6c elementor-section-boxed elementor-section-height-default elementor-section-height-default\" data-id=\"bf30d6c\" data-element_type=\"section\" data-e-type=\"section\">\n\t\t\t\t\t\t<div class=\"elementor-container elementor-column-gap-default\">\n\t\t\t\t\t<div class=\"elementor-column elementor-col-100 elementor-top-column elementor-element elementor-element-26dc9300\" data-id=\"26dc9300\" data-element_type=\"column\" data-e-type=\"column\">\n\t\t\t<div class=\"elementor-widget-wrap elementor-element-populated\">\n\t\t\t\t\t\t<div class=\"elementor-element elementor-element-78542563 elementor-widget elementor-widget-text-editor\" data-id=\"78542563\" data-element_type=\"widget\" data-e-type=\"widget\" data-widget_type=\"text-editor.default\">\n\t\t\t\t<div class=\"elementor-widget-container\">\n\t\t\t\t\t\t\t\t\t<ol><li>T\u00e9rminos\/Definiciones<\/li><\/ol><p>La declaraci\u00f3n de protecci\u00f3n de datos del bufete de abogados se basa en los t\u00e9rminos utilizados por la Directiva Europea y el Ordenador Maker al emitir el Reglamento General de Protecci\u00f3n de Datos (DSGVO). Nuestra declaraci\u00f3n de protecci\u00f3n de datos debe ser f\u00e1cil de leer y comprender tanto para el p\u00fablico como para nuestros clientes y socios comerciales. Para asegurarnos de ello, nos gustar\u00eda explicar de antemano los t\u00e9rminos utilizados. En esta declaraci\u00f3n de protecci\u00f3n de datos utilizamos, entre otros, los siguientes t\u00e9rminos:<\/p><p>&#8211; Datos personales: Los datos personales son cualquier informaci\u00f3n relativa a una persona f\u00edsica identificada o identificable (en adelante, &#8222;sujeto de los datos&#8220;). Una persona f\u00edsica identificable es aquella que puede ser identificada, directa o indirectamente, en particular por referencia a un identificador como un nombre, un n\u00famero de identificaci\u00f3n, datos de localizaci\u00f3n, un identificador en l\u00ednea o a uno o m\u00e1s factores espec\u00edficos de la identidad f\u00edsica, fisiol\u00f3gica, gen\u00e9tica, mental, econ\u00f3mica, cultural o social de dicha persona f\u00edsica.<\/p><p>&#8211; Interesado: El interesado es toda persona f\u00edsica identificada o identificable cuyos datos personales son tratados por el responsable del tratamiento.<\/p><p>&#8211; Tratamiento: el tratamiento es cualquier operaci\u00f3n o conjunto de operaciones realizadas sobre datos personales, ya sea por medios automatizados o no, tales como la recogida, registro, organizaci\u00f3n, archivo, almacenamiento, adaptaci\u00f3n o modificaci\u00f3n, extracci\u00f3n, consulta, utilizaci\u00f3n, comunicaci\u00f3n por transmisi\u00f3n, difusi\u00f3n o cualquier otra forma de puesta a disposici\u00f3n, cotejo o interconexi\u00f3n, limitaci\u00f3n, supresi\u00f3n o destrucci\u00f3n.<\/p><p>&#8211; Restricci\u00f3n del tratamiento: La restricci\u00f3n del tratamiento es el marcado de los datos personales almacenados con el objetivo de limitar su futuro tratamiento.<\/p><p>&#8211; Elaboraci\u00f3n de perfiles: la elaboraci\u00f3n de perfiles es cualquier tipo de tratamiento automatizado de datos personales que consiste en utilizar dichos datos personales para evaluar determinados aspectos personales relativos a una persona f\u00edsica, en particular para analizar o predecir aspectos relacionados con el rendimiento laboral, la situaci\u00f3n econ\u00f3mica, la salud, las preferencias personales, los intereses, la fiabilidad, el comportamiento, la ubicaci\u00f3n o el cambio de ubicaci\u00f3n de dicha persona f\u00edsica.<\/p><p>&#8211; Pseudonimizaci\u00f3n: La pseudonimizaci\u00f3n es el tratamiento de datos personales de manera que los datos personales ya no puedan atribuirse a un sujeto de datos espec\u00edfico sin el uso de informaci\u00f3n adicional, siempre que dicha informaci\u00f3n adicional se conserve por separado y est\u00e9 sujeta a medidas t\u00e9cnicas y organizativas que garanticen que los datos personales no se atribuyan a una persona f\u00edsica identificada o identificable.<\/p><p>&#8211; Responsable del tratamiento o controlador: El responsable del tratamiento o controlador es la persona f\u00edsica o jur\u00eddica, autoridad p\u00fablica, agencia u otro organismo que, solo o conjuntamente con otros, determina los fines y los medios del tratamiento de los datos personales. Cuando los fines y los medios de dicho tratamiento est\u00e9n determinados por el Derecho de la Uni\u00f3n o de los Estados miembros, el responsable del tratamiento o los criterios espec\u00edficos para su designaci\u00f3n podr\u00e1n estar previstos en el Derecho de la Uni\u00f3n o de los Estados miembros.<\/p><p>&#8211; Encargado del tratamiento: un encargado del tratamiento es una persona f\u00edsica o jur\u00eddica, una autoridad p\u00fablica, una agencia u otro organismo que trata datos personales por cuenta del responsable del tratamiento.<\/p><p>&#8211; Destinatario: persona f\u00edsica o jur\u00eddica, autoridad p\u00fablica, agencia u otro organismo al que se le comunican los datos personales, sea o no un tercero. No obstante, no se considerar\u00e1n destinatarios las autoridades p\u00fablicas que puedan recibir datos personales en el contexto de una tarea de investigaci\u00f3n espec\u00edfica en virtud del Derecho de la Uni\u00f3n o de los Estados miembros.<\/p><p>&#8211; Tercero: un tercero es una persona f\u00edsica o jur\u00eddica, una autoridad p\u00fablica, una agencia u otro organismo distinto del interesado, del responsable del tratamiento, del encargado del tratamiento y de las personas autorizadas a tratar los datos personales bajo la responsabilidad del responsable del tratamiento o del encargado del tratamiento.<\/p><p>&#8211; Consentimiento: Por consentimiento se entiende toda indicaci\u00f3n libre, espec\u00edfica e informada de los deseos del interesado en forma de declaraci\u00f3n u otro acto afirmativo inequ\u00edvoco por el que el interesado manifieste su conformidad con el tratamiento de los datos personales que le conciernen.<\/p><ol start=\"2\"><li>recogida de datos<\/li><\/ol><p>El sitio web del Bufete recoge una serie de datos e informaciones generales cada vez que un interesado o un sistema automatizado accede al sitio web. Estos datos e informaci\u00f3n general se almacenan en los archivos de registro del servidor. Se puede registrar lo siguiente<\/p><p>&#8211; los tipos y versiones de navegador utilizados<\/p><p>&#8211; el sistema operativo utilizado por el sistema de acceso<\/p><p>&#8211; el sitio web desde el que un sistema de acceso llega a nuestro sitio web (el llamado &#8222;referrer&#8220;),<\/p><p>&#8211; las subp\u00e1ginas a las que se accede a trav\u00e9s de un sistema de acceso a nuestro sitio web,<\/p><p>&#8211; la fecha y la hora de un acceso al sitio web,<\/p><p>&#8211; una direcci\u00f3n de protocolo de Internet (direcci\u00f3n IP),<\/p><p>&#8211; el proveedor de servicios de Internet del sistema de acceso y<\/p><p>&#8211; otros datos e informaci\u00f3n similares que sirven para evitar el peligro en caso de ataques a nuestros sistemas inform\u00e1ticos.<\/p><p>Al utilizar estos datos e informaciones generales, el bufete no saca ninguna conclusi\u00f3n sobre el interesado. Esta informaci\u00f3n es m\u00e1s bien necesaria para<\/p><p>&#8211; para entregar los contenidos de nuestro sitio web correctamente,<\/p><p>&#8211; para optimizar los contenidos de nuestra web as\u00ed como la publicidad de la misma,<\/p><p>&#8211; garantizar el funcionamiento a largo plazo de nuestros sistemas inform\u00e1ticos y de la tecnolog\u00eda de nuestro sitio web, y<\/p><p>&#8211; proporcionar a las autoridades policiales la informaci\u00f3n necesaria para el enjuiciamiento en caso de un ciberataque.<\/p><p>Por lo tanto, el bufete analiza los datos e informaci\u00f3n recogidos de forma an\u00f3nima, por un lado, con fines estad\u00edsticos y, por otro, con el fin de aumentar la protecci\u00f3n y la seguridad de los datos de nuestra empresa y, en definitiva, para garantizar un nivel \u00f3ptimo de protecci\u00f3n de los datos personales que tratamos. Los datos an\u00f3nimos de los archivos de registro del servidor se almacenan por separado de cualquier dato personal proporcionado por un sujeto de datos.<\/p><ol start=\"3\"><li>requisitos legales o contractuales para proporcionar los datos personales; necesidad para la celebraci\u00f3n del contrato; obligaci\u00f3n del interesado de proporcionar los datos personales; posibles consecuencias de la falta de suministro<\/li><\/ol><p>Le informamos de que el suministro de datos personales es a veces requerido por la ley (por ejemplo, las normas fiscales) o tambi\u00e9n puede resultar de las normas contractuales (por ejemplo, la informaci\u00f3n sobre el socio contractual). A veces, para celebrar un contrato, puede ser necesario que el interesado nos proporcione datos personales que posteriormente deban ser tratados por nosotros. Por ejemplo, el interesado est\u00e1 obligado a proporcionarnos datos personales si nuestra empresa celebra un contrato con \u00e9l. Si no se facilitan los datos personales, no se podr\u00e1 celebrar el contrato con el interesado. Antes de facilitar los datos personales por parte del interesado, \u00e9ste debe ponerse en contacto con nuestro responsable de la protecci\u00f3n de datos. Nuestro responsable de la protecci\u00f3n de datos informar\u00e1 al interesado, caso por caso, de si el suministro de los datos personales es exigido por la ley o por el contrato o es necesario para la conclusi\u00f3n del contrato, si existe la obligaci\u00f3n de proporcionar los datos personales y cu\u00e1les ser\u00edan las consecuencias de no proporcionarlos.<\/p><ol start=\"4\"><li>posibilidad de contacto a trav\u00e9s del sitio web<\/li><\/ol><p>Sobre la base de las disposiciones legales, el sitio web del bufete de abogados contiene informaci\u00f3n que permite un contacto electr\u00f3nico r\u00e1pido con nuestra empresa, as\u00ed como la comunicaci\u00f3n directa con nosotros, que tambi\u00e9n incluye una direcci\u00f3n general del llamado correo electr\u00f3nico (direcci\u00f3n de correo electr\u00f3nico). Si un interesado se pone en contacto con el responsable del tratamiento por correo electr\u00f3nico o mediante un formulario de contacto, los datos personales transmitidos por el interesado se almacenar\u00e1n autom\u00e1ticamente. Estos datos xxxxxxx<\/p><p>\u00a0<\/p><p>\u00a0<\/p><ol start=\"5\"><li>im\u00e1genes incrustadas\/mapas de calles de sitios web externos<\/li><\/ol><p>\u00a0<\/p><p>Utilizamos el servicio de mapas de c\u00f3digo abierto &#8222;OpenStreetMaps&#8220; (tambi\u00e9n denominado &#8222;OSM&#8220;) de la empresa OpenStreetMap Foundation, 132 Maney Hill Road, Sutton Coldfield, West Midlands, B72 1JU, Reino Unido para mostrar los datos geogr\u00e1ficos. OSM se utiliza para proporcionar un mapa interactivo en nuestro sitio web que muestra c\u00f3mo encontrar y llegar a nosotros. Este servicio nos permite presentar nuestro sitio web de forma atractiva cargando material cartogr\u00e1fico desde un servidor externo. Los siguientes datos se transfieren a los servidores de OSM durante la visualizaci\u00f3n: la de nuestras p\u00e1ginas web que ha visitado y la direcci\u00f3n IP de su dispositivo final. La base legal para el tratamiento de sus datos en relaci\u00f3n con el servicio &#8222;OSM&#8220; es el Art. 6 p\u00e1rrafo 1 frase 1 letra f) DSGVO (inter\u00e9s leg\u00edtimo en el tratamiento de datos). El inter\u00e9s leg\u00edtimo resulta de nuestra necesidad de una presentaci\u00f3n atractiva de nuestra oferta en l\u00ednea y de la f\u00e1cil localizaci\u00f3n de los lugares indicados en nuestra p\u00e1gina de inicio.<\/p><p>\u00a0<\/p><p>Puede encontrar m\u00e1s informaci\u00f3n sobre el tratamiento de los datos del usuario en la declaraci\u00f3n de protecci\u00f3n de datos de OSM: https:\/\/wiki.osmfoundation.org\/wiki\/Privacy_Policy.<\/p><p>\u00a0<\/p><ol start=\"6\"><li>Notificaci\u00f3n de cambios<\/li><\/ol><p>\u00a0<\/p><p>Los cambios en la legislaci\u00f3n o los cambios en nuestros procesos internos pueden hacer necesaria la adaptaci\u00f3n de esta declaraci\u00f3n de protecci\u00f3n de datos.<\/p><p>\u00a0<\/p><p>En caso de que se produzca tal cambio, se lo notificaremos al menos seis semanas antes de que entre en vigor. En general (n\u00ba 6), usted tiene un derecho de revocaci\u00f3n con respecto al consentimiento que ha dado. Tenga en cuenta que (a menos que ejerza su derecho de revocaci\u00f3n) la versi\u00f3n actual de la declaraci\u00f3n de protecci\u00f3n de datos es la v\u00e1lida.<\/p><p>\u00a0<\/p><p>7 Actualizar\/Eliminar sus datos personales<\/p><p>\u00a0<\/p><p>Tiene la opci\u00f3n de revisar, modificar o eliminar en cualquier momento los datos personales que nos ha proporcionado envi\u00e1ndonos un correo electr\u00f3nico a la direcci\u00f3n <a href=\"mailto:info@spanischeranwalt.net\">info@spanischeranwalt.net<\/a> . Si es cliente nuestro, tambi\u00e9n puede optar por no recibir m\u00e1s informaci\u00f3n en el futuro. Tambi\u00e9n tiene derecho a revocar su consentimiento en cualquier momento con efecto para el futuro. La supresi\u00f3n de los datos personales almacenados tiene lugar cuando usted revoca su consentimiento para el almacenamiento.<\/p><p>\u00a0<\/p><p>El responsable del tratamiento tratar\u00e1 y almacenar\u00e1 los datos personales del interesado \u00fanicamente durante el per\u00edodo de tiempo necesario para alcanzar el objetivo del almacenamiento o cuando as\u00ed lo disponga la Directiva y el Reglamento europeos u otro legislador en las leyes o reglamentos a los que est\u00e9 sujeto el responsable del tratamiento. Si el prop\u00f3sito de almacenamiento deja de ser aplicable o si expira un per\u00edodo de almacenamiento prescrito por la Directiva y el Reglamento europeos Maker u otro legislador competente, los datos personales se bloquear\u00e1n o eliminar\u00e1n de forma rutinaria de acuerdo con las disposiciones legales.<\/p><p>\u00a0<\/p><p>\u00a0<\/p><p>\u00a0<\/p><p>\u00a0<\/p><p>\u00a0<\/p><ol start=\"8\"><li>derechos de los interesados<\/li><\/ol><p>\u00a0<\/p><p>Todo interesado tendr\u00e1 derecho, otorgado por la Directiva Europea y el Organismo Regulador, a obtener confirmaci\u00f3n del responsable del tratamiento sobre si se est\u00e1n tratando datos personales que le conciernen. Si el interesado desea ejercer este derecho, puede dirigirse en cualquier momento a nuestro responsable de la protecci\u00f3n de datos o a otro empleado del responsable del tratamiento.<\/p><p>\u00a0<\/p><p>Toda persona afectada por el tratamiento de datos personales tiene el derecho que le otorgan la Directiva Europea y el Reglamento a obtener en cualquier momento del responsable del tratamiento, de forma gratuita, informaci\u00f3n sobre los datos personales almacenados sobre ella y una copia de dicha informaci\u00f3n. Adem\u00e1s, el Organismo de Regulaci\u00f3n y Directiva Europea ha concedido al interesado el acceso a la siguiente informaci\u00f3n:<\/p><p>\u00a0<\/p><p>-los fines del tratamiento<\/p><p>-las categor\u00edas de datos personales tratados<\/p><p>-los destinatarios o categor\u00edas de destinatarios a los que se han comunicado o se comunicar\u00e1n los datos personales, en particular en el caso de destinatarios de terceros pa\u00edses u organizaciones internacionales si es posible, la duraci\u00f3n prevista de la conservaci\u00f3n de los datos personales o, si no es posible, los criterios para determinar dicha duraci\u00f3n<\/p><p>la existencia del derecho a obtener la rectificaci\u00f3n o supresi\u00f3n de los datos personales que le conciernen, o la limitaci\u00f3n del tratamiento por parte del responsable del mismo, o el derecho a oponerse a dicho tratamiento<\/p><p>la existencia de un derecho de recurso ante una autoridad de control<\/p><p>si los datos personales no se recogen del interesado: Cualquier informaci\u00f3n disponible sobre el origen de los datos<\/p><p>si los datos personales no se recogen del interesado: Cualquier informaci\u00f3n disponible sobre el origen de los datos<\/p><p>&#8211; la existencia de una toma de decisiones automatizada, incluida la elaboraci\u00f3n de perfiles, de conformidad con el art\u00edculo 22, apartados 1 y 4, del RGPD y -al menos en estos casos- informaci\u00f3n significativa sobre la l\u00f3gica implicada y el alcance y los efectos previstos de dicho tratamiento para el interesado.<\/p><p>Adem\u00e1s, el interesado tendr\u00e1 derecho a obtener informaci\u00f3n sobre si los datos personales han sido transferidos a un tercer pa\u00eds o a una organizaci\u00f3n internacional. Si este es el caso, el interesado tambi\u00e9n tendr\u00e1 derecho a obtener informaci\u00f3n sobre las garant\u00edas adecuadas en relaci\u00f3n con la transferencia.<\/p><p>Si el interesado desea ejercer este derecho de acceso, puede dirigirse en cualquier momento a nuestro responsable de la protecci\u00f3n de datos o a otro empleado del responsable del tratamiento. Toda persona afectada por el tratamiento de datos personales tiene el derecho que le otorgan la Directiva y el Reglamento europeos de solicitar la rectificaci\u00f3n inmediata de los datos personales inexactos que le conciernen.<\/p><p>Adem\u00e1s, el interesado tiene derecho a solicitar que se completen los datos personales incompletos, incluso mediante una declaraci\u00f3n complementaria, teniendo en cuenta los fines del tratamiento.<\/p><p>Si el interesado desea ejercer este derecho de rectificaci\u00f3n, puede dirigirse en cualquier momento a nuestro responsable de la protecci\u00f3n de datos o a otro empleado del responsable del tratamiento. Todo interesado afectado por el tratamiento de datos personales tiene derecho, concedido por la Directiva Europea y el Reglamento, a obtener del responsable del tratamiento la rectificaci\u00f3n de los datos personales que le conciernen, incluso mediante una declaraci\u00f3n complementaria.<\/p><p>cuando se aplique uno de los motivos siguientes y siempre y cuando el tratamiento no sea necesario:<\/p><p>&#8211; Los datos personales se recogieron o se trataron de otro modo con fines para los que ya no son necesarios.<\/p><p>&#8211; El interesado retira el consentimiento en el que se basaba el tratamiento con arreglo al art\u00edculo 6, apartado 1, letra a), del RGPD o al art\u00edculo 9, apartado 2, letra a), del RGPD, y no existe ning\u00fan otro fundamento jur\u00eddico para el tratamiento.<\/p><p>&#8211; El interesado se opone al tratamiento con arreglo al art\u00edculo 21, apartado 1, del RGPD y no existen motivos leg\u00edtimos imperiosos para el tratamiento, o el interesado se opone al tratamiento con arreglo al art\u00edculo 21, apartado 2, del RGPD.<\/p><p>&#8211; Los datos personales han sido tratados de forma ilegal.<\/p><p>&#8211; La supresi\u00f3n de los datos personales es necesaria para el cumplimiento de una obligaci\u00f3n legal en virtud del Derecho de la Uni\u00f3n o de los Estados miembros a la que est\u00e1 sujeto el responsable del tratamiento.<\/p><p>&#8211; Los datos personales se han recogido en relaci\u00f3n con los servicios de la sociedad de la informaci\u00f3n ofrecidos de conformidad con el art\u00edculo 8, apartado 1, de la DSGVO.<\/p><p>Si se aplica uno de los motivos mencionados anteriormente, y el interesado desea solicitar la supresi\u00f3n de los datos personales almacenados por la empresa, puede ponerse en contacto en cualquier momento con nuestro responsable de la protecci\u00f3n de datos o con otro empleado del responsable del tratamiento. El responsable de la protecci\u00f3n de datos del bufete de abogados u otro empleado se encargar\u00e1 de que la solicitud de supresi\u00f3n sea atendida inmediatamente.<\/p><p>\u00a0<\/p><p>Si los datos personales han sido hechos p\u00fablicos por la Firma y nuestra empresa, como responsable del tratamiento, est\u00e1 obligada a borrar los datos personales de conformidad con el art\u00edculo 17 (1) del Reglamento de Protecci\u00f3n de Datos, la Firma aplicar\u00e1 medidas razonables, incluidas medidas t\u00e9cnicas, teniendo en cuenta la tecnolog\u00eda disponible y el coste de aplicaci\u00f3n, para informar a otros responsables del tratamiento que est\u00e9n tratando los datos personales publicados, de que el interesado ha solicitado a esos otros responsables del tratamiento la supresi\u00f3n de todos los enlaces a los datos personales o copias o r\u00e9plicas de los datos personales, a menos que el tratamiento sea necesario. El responsable de la protecci\u00f3n de datos del bufete u otro empleado se encargar\u00e1 de lo necesario en cada caso.<\/p><p>\u00a0<\/p><p>\u00a0<\/p><p>\u00a0<\/p><p>\u00a0<\/p><p>Cualquier persona afectada por el tratamiento de datos personales tiene derecho, concedido por la Directiva y el Reglamento europeos, a obtener del responsable del tratamiento la limitaci\u00f3n del mismo si se cumple una de las siguientes condiciones:<\/p><p>&#8211; El interesado puede impugnar la exactitud de los datos personales durante un periodo que permita al responsable del tratamiento verificar la exactitud de los datos personales.<\/p><p>&#8211; El tratamiento es ilegal, el interesado se opone a la supresi\u00f3n de los datos personales y solicita en su lugar la limitaci\u00f3n del uso de los mismos.<\/p><p>&#8211; El responsable del tratamiento ya no necesita los datos personales para los fines del tratamiento, pero el interesado los necesita para la formulaci\u00f3n, el ejercicio o la defensa de reclamaciones legales.<\/p><p>&#8211; El interesado se ha opuesto al tratamiento de conformidad con el art\u00edculo 21, apartado 1, del RGPD y a\u00fan no est\u00e1 claro si los motivos leg\u00edtimos del responsable del tratamiento prevalecen sobre los del interesado.<\/p><p>Si se cumple una de las condiciones mencionadas anteriormente, y un interesado desea solicitar la restricci\u00f3n de los datos personales almacenados por el bufete de abogados, puede, en cualquier momento, ponerse en contacto con nuestro responsable de la protecci\u00f3n de datos.<\/p><p>\u00a0<\/p><p>o con el art\u00edculo 9, apartado 2, letra a), del RGPD, o en un contrato de conformidad con el art\u00edculo 6, apartado 1, letra b), del RGPD, y el tratamiento se lleve a cabo por medios automatizados, a menos que el tratamiento sea necesario para el cumplimiento de una misi\u00f3n de inter\u00e9s p\u00fablico o en el ejercicio de poderes p\u00fablicos conferidos al responsable del tratamiento.<\/p><p>\u00a0<\/p><p>Adem\u00e1s, al ejercer el derecho a la portabilidad de los datos de conformidad con el art\u00edculo 20, apartado 1, del RGPD, el interesado tendr\u00e1 derecho a obtener la transferencia directa de los datos personales de un responsable del tratamiento a otro responsable del tratamiento cuando sea t\u00e9cnicamente posible y siempre que ello no afecte negativamente a los derechos y libertades de otras personas.<\/p><p>\u00a0<\/p><p>Para hacer valer el derecho a la portabilidad de los datos, el interesado puede dirigirse en cualquier momento al responsable de la protecci\u00f3n de datos designado por el bufete de abogados o a otro empleado.<\/p><p>\u00a0<\/p><p>Todo interesado afectado por el tratamiento de datos personales tiene derecho, otorgado por las Directivas y Reglamentos europeos, a oponerse en cualquier momento, por motivos relacionados con su situaci\u00f3n particular, al tratamiento de los datos personales que le conciernen efectuado sobre la base del art\u00edculo 6, apartado 1, letras e) o f), del Reglamento de Protecci\u00f3n de Datos. Esto tambi\u00e9n se aplica a la elaboraci\u00f3n de perfiles basados en estas disposiciones.<\/p><p>\u00a0<\/p><p>\u00a0<\/p><p>El bufete dejar\u00e1 de tratar los datos personales en caso de oposici\u00f3n, salvo que podamos demostrar motivos leg\u00edtimos imperiosos para el tratamiento que prevalezcan sobre los intereses, derechos y libertades del interesado, o para la tramitaci\u00f3n, el cumplimiento, el ejercicio o la defensa de reclamaciones judiciales.<\/p><p>\u00a0<\/p><p>Adem\u00e1s, el interesado tiene derecho, por motivos relacionados con su situaci\u00f3n particular, a oponerse al tratamiento de los datos personales que le conciernen y que lleva a cabo el bufete con fines de investigaci\u00f3n cient\u00edfica o hist\u00f3rica, o con fines estad\u00edsticos, de conformidad con el art\u00edculo 89, apartado 1, del Reglamento de Protecci\u00f3n de Datos, salvo que dicho tratamiento sea necesario para el cumplimiento de una misi\u00f3n de inter\u00e9s p\u00fablico. Para ejercer el derecho de oposici\u00f3n, el interesado puede dirigirse directamente al responsable de la protecci\u00f3n de datos de la empresa o a otro empleado. El interesado tambi\u00e9n es libre de ejercer su derecho de oposici\u00f3n mediante procedimientos automatizados que utilicen especificaciones t\u00e9cnicas en el contexto del uso de los servicios de la sociedad de la informaci\u00f3n, sin perjuicio de la Directiva 2002\/58\/CE.<\/p><p>\u00a0<\/p><p>Toda persona afectada por el tratamiento de datos personales tendr\u00e1 derecho, concedido por el Parlamento Europeo y el Consejo, a no ser objeto de una decisi\u00f3n basada \u00fanicamente en el tratamiento automatizado, incluida la elaboraci\u00f3n de perfiles, que produzca efectos jur\u00eddicos sobre ella o le afecte significativamente de forma similar, cuando dicha decisi\u00f3n<\/p><p>\u00a0<\/p><p>\u00a0<\/p><ol start=\"9\"><li>Fundamento jur\u00eddico del tratamiento<\/li><\/ol><p>\u00a0<\/p><p>El art\u00edculo 6, apartado 1, letra a) de la DSGVO sirve de base jur\u00eddica a nuestra empresa para las operaciones de tratamiento en las que obtenemos el consentimiento para un fin de tratamiento espec\u00edfico. Si el tratamiento de los datos personales es necesario para la ejecuci\u00f3n de un contrato en el que el interesado es parte, como es el caso, por ejemplo, de las operaciones de tratamiento necesarias para la entrega de bienes o la prestaci\u00f3n de otro servicio o contraprestaci\u00f3n, el tratamiento se basa en el art\u00edculo 6 (1) (b) del DSGVO. Lo mismo se aplica a las operaciones de tratamiento que son necesarias para la aplicaci\u00f3n de medidas precontractuales, por ejemplo en el caso de las consultas sobre nuestros productos o servicios. Si nuestra empresa est\u00e1 sujeta a una obligaci\u00f3n legal que requiere el tratamiento de datos personales, como por ejemplo para el cumplimiento de las obligaciones fiscales, el tratamiento se basa en el Art. 6 para. 1 lit. c) DSGVO. En raras ocasiones, el tratamiento de datos personales puede ser necesario para proteger los intereses vitales del interesado o de otra persona f\u00edsica. Este ser\u00eda el caso, por ejemplo, si un visitante sufriera un accidente en nuestras instalaciones y, como consecuencia, fuera necesario transmitir su nombre, edad, datos del seguro m\u00e9dico u otra informaci\u00f3n vital a un m\u00e9dico, hospital o tercero. Entonces el tratamiento se basar\u00eda en el art. 6(1)(d) de la DSGVO. Por \u00faltimo, las operaciones de tratamiento podr\u00edan basarse en la letra f) del apartado 1 del art\u00edculo 6 del RGPD. Las operaciones de tratamiento que no est\u00e1n cubiertas por ninguna de las bases jur\u00eddicas mencionadas se basan en esta base jur\u00eddica si el tratamiento es necesario para proteger un inter\u00e9s leg\u00edtimo de nuestra empresa o de un tercero, siempre que no prevalezcan los intereses, los derechos fundamentales y las libertades del interesado. Estas operaciones de tratamiento nos est\u00e1n permitidas, en particular, porque fueron mencionadas espec\u00edficamente por el legislador europeo. A este respecto, consider\u00f3 que pod\u00eda presumirse un inter\u00e9s leg\u00edtimo si el interesado era cliente del responsable del tratamiento (considerando 47, frase 2, del RGPD).<\/p><p>\u00a0<\/p><ol start=\"10\"><li>Intereses leg\u00edtimos en el tratamiento que persigue el responsable del tratamiento o un tercero.<\/li><\/ol><p>\u00a0<\/p><p>Si el tratamiento de los datos personales se basa en el art. 6(1)(f) de la DSGVO, nuestro inter\u00e9s leg\u00edtimo es la realizaci\u00f3n de nuestras actividades comerciales.<\/p><p>\u00a0<\/p><ol start=\"11\"><li>la persona responsable o su persona de contacto<\/li><\/ol><p>\u00a0<\/p><p>Si tiene alguna pregunta sobre la recogida, el tratamiento o la utilizaci\u00f3n de sus datos personales, para obtener informaci\u00f3n, rectificaci\u00f3n, bloqueo o supresi\u00f3n de datos, as\u00ed como para revocar el consentimiento otorgado u oponerse a una determinada utilizaci\u00f3n de los datos, p\u00f3ngase en contacto directamente:<\/p><p>\u00a0<\/p><p>Rodolfo Bell\u00e9s Roca (Abogado)<\/p><p>Ratzeburger Allee 14 a<\/p><p>23564 L\u00fcbeck<\/p><p>Alemania<\/p><p>\u00a0<\/p><p>Telefon: (0) 451 370 58 101<\/p><p>Telefax: (0)\u00a0 451 370\u00a058 919\u00a0 \u00a0 \u00a0<\/p><p>\u00a0<\/p><p>E-mail: <a href=\"mailto:info@spanischeranwalt.net\">info@spanischeranwalt.net<\/a><\/p><p>Esta declaraci\u00f3n de protecci\u00f3n de datos es actualmente v\u00e1lida.\u00a0 Puede acceder a ella e imprimirla en cualquier momento.<\/p><p>\u00a0<\/p><p>Stand: Abril \u00a02022<\/p>\t\t\t\t\t\t\t\t<\/div>\n\t\t\t\t<\/div>\n\t\t\t\t\t<\/div>\n\t\t<\/div>\n\t\t\t\t\t<\/div>\n\t\t<\/section>\n\t\t\t\t<\/div>\n\t\t","protected":false},"excerpt":{"rendered":"<p>T\u00e9rminos\/Definiciones La declaraci\u00f3n de protecci\u00f3n de datos del bufete de abogados se basa en los t\u00e9rminos utilizados por la Directiva Europea y el Ordenador Maker al emitir el Reglamento General de Protecci\u00f3n de Datos (DSGVO). Nuestra declaraci\u00f3n de protecci\u00f3n de datos debe ser f\u00e1cil de leer y comprender tanto para el p\u00fablico como para nuestros [&hellip;]<\/p>\n","protected":false},"author":1,"featured_media":0,"parent":0,"menu_order":0,"comment_status":"closed","ping_status":"closed","template":"","meta":{"footnotes":""},"class_list":["post-1209","page","type-page","status-publish","hentry"],"blocksy_meta":{"styles_descriptor":{"styles":{"desktop":"","tablet":"","mobile":""},"google_fonts":[],"version":6}},"_links":{"self":[{"href":"https:\/\/spanischeranwalt.net\/index.php\/wp-json\/wp\/v2\/pages\/1209","targetHints":{"allow":["GET"]}}],"collection":[{"href":"https:\/\/spanischeranwalt.net\/index.php\/wp-json\/wp\/v2\/pages"}],"about":[{"href":"https:\/\/spanischeranwalt.net\/index.php\/wp-json\/wp\/v2\/types\/page"}],"author":[{"embeddable":true,"href":"https:\/\/spanischeranwalt.net\/index.php\/wp-json\/wp\/v2\/users\/1"}],"replies":[{"embeddable":true,"href":"https:\/\/spanischeranwalt.net\/index.php\/wp-json\/wp\/v2\/comments?post=1209"}],"version-history":[{"count":4,"href":"https:\/\/spanischeranwalt.net\/index.php\/wp-json\/wp\/v2\/pages\/1209\/revisions"}],"predecessor-version":[{"id":1213,"href":"https:\/\/spanischeranwalt.net\/index.php\/wp-json\/wp\/v2\/pages\/1209\/revisions\/1213"}],"wp:attachment":[{"href":"https:\/\/spanischeranwalt.net\/index.php\/wp-json\/wp\/v2\/media?parent=1209"}],"curies":[{"name":"wp","href":"https:\/\/api.w.org\/{rel}","templated":true}]}}